{"id":16,"date":"2021-04-09T17:41:10","date_gmt":"2021-04-09T15:41:10","guid":{"rendered":"http:\/\/vive-la-vie-montessori.fr\/?page_id=16"},"modified":"2025-03-25T14:40:11","modified_gmt":"2025-03-25T13:40:11","slug":"stage-1er-niveau-petite-enfance","status":"publish","type":"page","link":"https:\/\/vive-la-vie-montessori.fr\/index.php\/stage-1er-niveau-petite-enfance\/","title":{"rendered":"Formation 1er\u00a0niveau : petite enfance"},"content":{"rendered":"\n<p><strong><u>Objectifs<\/u>&nbsp;:<\/strong><br>Permettre au stagiaire&nbsp;:<\/p>\n\n\n\n<ul>\n<li>d\u2019acqu\u00e9rir les bases techniques de la p\u00e9dagogie Montessori<\/li>\n\n\n\n<li>d\u2019identifier les besoins de l\u2019enfant<\/li>\n\n\n\n<li>de pr\u00e9senter les exercices correspondant \u00e0 ses besoins<\/li>\n<\/ul>\n\n\n\n<p><strong>M\u00e9thode et moyens p\u00e9dagogiques&nbsp;:<\/strong><\/p>\n\n\n\n<p>Le stage comprend des apports th\u00e9oriques et de la manipulation pratique sur le mat\u00e9riel&nbsp;p\u00e9dagogique de Maria Montessori.<\/p>\n\n\n\n<p><strong><u>Contenus<\/u>&nbsp;:<\/strong><\/p>\n\n\n\n<p>La p\u00e9dagogie de Maria Montessori&nbsp;:<\/p>\n\n\n\n<p>La p\u00e9dagogie repose sur l\u2019\u00e9ducation sensorielle de l\u2019enfant. Le mat\u00e9riel sensoriel est donn\u00e9 \u00e0 l\u2019enfant comme une aide au d\u00e9veloppement de l\u2019intelligence et de la main.<\/p>\n\n\n\n<p>Le mat\u00e9riel sensoriel mis au point par Maria Montessori permet \u00e0 l\u2019enfant de distinguer, de pr\u00e9ciser, de g\u00e9n\u00e9raliser, du concret et du concept vers l\u2019abstrait. C\u2019est un mat\u00e9riel scientifique qui r\u00e9pond au besoin de d\u00e9veloppement naturel de l\u2019enfant en respectant ses p\u00e9riodes sensibles. Pour&nbsp;:<\/p>\n\n\n\n<ul>\n<li>l\u2019ordre&nbsp;: l\u2019enfant classifie, ordonne, trie, \u00e9labore un raisonnement&nbsp;;<\/li>\n\n\n\n<li>le langage&nbsp;: l\u2019enfant nomme les concepts&nbsp;;<\/li>\n\n\n\n<li>le mouvement&nbsp;: l\u2019enfant affine l\u2019usage de ses mains&nbsp;;<\/li>\n\n\n\n<li>le raffinement sensoriel&nbsp;: l\u2019enfant atteint un grand raffinement avec certains mat\u00e9riels.<\/li>\n<\/ul>\n\n\n\n<p>Ce mat\u00e9riel est construit sur des donn\u00e9es scientifiques presque universelles&nbsp;: tables de Pythagore, syst\u00e8me d\u00e9cimal, etc.<\/p>\n\n\n\n<p>Il est ind\u00e9pendant de la culture de l\u2019enfant, \u00e0 la diff\u00e9rence du mat\u00e9riel de la vie pratique qui s\u2019impr\u00e8gne largement du milieu culturel de l\u2019enfant.<\/p>\n\n\n\n<p>Pour Maria Montessori, il est primordial d\u2019offrir \u00e0 l\u2019enfant la possibilit\u00e9 d\u2019\u00e9panouir au maximum ses diff\u00e9rentes sensibilit\u00e9s&nbsp;:<\/p>\n\n\n\n<ul>\n<li>dans un cadre adapt\u00e9 \u00e0 ses besoins psychologiques&nbsp;<\/li>\n\n\n\n<li>en respectant son rythme propre et ses particularit\u00e9s individuelles&nbsp;&nbsp;&nbsp;&nbsp;&nbsp;&nbsp;&nbsp;&nbsp;&nbsp;&nbsp;&nbsp;&nbsp;&nbsp;&nbsp;&nbsp;&nbsp;&nbsp;<\/li>\n\n\n\n<li>tout en l\u2019\u00e9veillant \u00e0 la vie sociale.<\/li>\n<\/ul>\n\n\n\n<p>Les p\u00e9riodes sensibles&nbsp;:<br>Selon Maria Montessori, chaque enfant est unique. Il a sa personnalit\u00e9 propre, son rythme de vie, ses qualit\u00e9s et ses difficult\u00e9s \u00e9ventuelles. Les enfants traversent tout des \u00ab&nbsp;p\u00e9riodes sensible&nbsp;\u00bb.<\/p>\n\n\n\n<p>Ce sont des p\u00e9riodes passag\u00e8res, transitoires&nbsp;; elles se limitent \u00e0 l\u2019acquisition d\u2019un caract\u00e8re d\u00e9velopp\u00e9, la \u00ab&nbsp;sensibilit\u00e9&nbsp;\u00bb cesse. Il est donc primordial que l\u2019ambiance (l\u2019environnement) offre au bon moment \u00e0 l\u2019enfant les moyens de se d\u00e9velopper en utilisant ces p\u00e9riodes sensibles.<\/p>\n\n\n\n<p>Il s\u2019agit de&nbsp;:<\/p>\n\n\n\n<ul>\n<li>la p\u00e9riode sensible du langage, plus ou moins entre 2 mois et 6 ans<\/li>\n\n\n\n<li>la p\u00e9riode sensible de la coordination des mouvements, environ de 18 mois \u00e0 4 ans<\/li>\n\n\n\n<li>la p\u00e9riode sensible de l\u2019ordre, environ de la naissance \u00e0 6 ans<\/li>\n\n\n\n<li>la p\u00e9riode sensible du raffinement des sens, environ de 18 mois \u00e0 5 ans<\/li>\n\n\n\n<li>la p\u00e9riode sensible du comportement social, environ de 2 ans et demi \u00e0 6 ans<\/li>\n\n\n\n<li>la p\u00e9riode sensible des petits objets, au cours de la 2<sup>\u00e8me<\/sup>&nbsp;ann\u00e9e sur un temps tr\u00e8s court.&nbsp;<\/li>\n<\/ul>\n\n\n\n<p>L\u2019autonomie de l\u2019enfant&nbsp;:<\/p>\n\n\n\n<p>Les principaux moyens employ\u00e9s en p\u00e9dagogie Montessori pour favoriser l\u2019autonomie sont&nbsp;:<\/p>\n\n\n\n<ul>\n<li>l\u2019attitude de retrait de l\u2019\u00e9ducateur&nbsp;<\/li>\n\n\n\n<li>l\u2019utilisation du mat\u00e9riel sensoriel et progressif que l\u2019enfant peut manipuler seul et avec plaisir&nbsp;<\/li>\n\n\n\n<li>la possibilit\u00e9 d\u2019autocorrection offerte par la quasi-totalit\u00e9 de ce mat\u00e9riel.<\/li>\n<\/ul>\n\n\n\n<p>L\u2019adulte fait une d\u00e9monstration puis laisse l\u2019enfant reproduire l\u2019op\u00e9ration tout seul. On r\u00e9sume g\u00e9n\u00e9ralement cela par la phrase bien connue de Maria Montessori&nbsp;:<\/p>\n\n\n\n<p>\u00ab&nbsp;Aide- moi \u00e0 faire seul&nbsp;\u00bb.<\/p>\n\n\n\n<p>Amener l\u2019enfant \u00e0 l\u2019autonomie dans sa vie quotidienne, pour cela Maria Montessori a mis au point une s\u00e9rie d\u2019exercices dans :<br>&#8211; la vie pratique<br>&#8211; la vie sensorielle<br>&#8211; le langage&nbsp;<br>&#8211; le calcul<br>&#8211; la zoologie<br>&#8211; la botanique<br>&#8211; le temps&nbsp;<br>&#8211; la musique&nbsp;<\/p>\n\n\n\n<p class=\"has-text-align-center has-accent-color has-text-color\"><\/p>\n\n\n\n<p class=\"has-text-align-center has-accent-color has-text-color\"><strong> <\/strong><\/p>\n\n\n\n<p class=\"has-text-align-center has-accent-color has-text-color\"><\/p>\n\n\n\n<p><\/p>\n\n\n\n<p class=\"has-text-align-center has-accent-color has-text-color\"><\/p>\n\n\n\n<p><\/p>\n\n\n\n<p>Possibilit\u00e9 d&rsquo;autres dates. nous contacter.<\/p>\n\n\n\n<p><br> <strong>POUR TOUTES INSCRIPTIONS A TITRE PERSONNEL :<\/strong><\/p>\n\n\n\n<p><strong>TARIF<\/strong> <strong>456 \u20ac<\/strong><\/p>\n\n\n\n<p><strong>PR\u00c9VOIR PLUSIEURS MOIS D&rsquo;AVANCE POUR LA PRISE EN CHARGE AU TITRE DE LA FORMATION PROFESSIONNELLE <\/strong><\/p>\n\n\n\n<p><strong>TARIF FORMATION PROFESSIONNELLE 552 \u20ac<\/strong><\/p>\n\n\n\n<p><strong>Possibilit\u00e9 de prise en charge au titre de&nbsp;la formation professionnelle.<br><\/strong><em><br>\u00ab\u00a0D\u00e9claration d&rsquo;activit\u00e9 enregistr\u00e9e sous le num\u00e9ro 73 82 00590 82. Cet enregistrement ne vaut pas agr\u00e9ment de l&rsquo;Etat.\u00a0\u00bb<\/em><\/p>\n\n\n\n<p>NOS FORMATIONS SONT D\u00c9SORMAIS<strong> REFERENCES AU DATADOCK<\/strong><\/p>\n\n\n\n<p class=\"has-text-align-center\"><a href=\"http:\/\/vive-la-vie-montessori.fr\/index.php\/inscription-adulte\/\" data-type=\"page\" data-id=\"47\"><strong><span class=\"has-inline-color has-accent-color\">Inscription adulte<\/span><\/strong><\/a><\/p>\n\n\n\n<p>si vous d\u00e9sirez du mat\u00e9riel voici une adresse:<\/p>\n\n\n\n<p><strong><a href=\" https:\/\/montessori-homemade.com\"> https:\/\/montessori-homemade.com<\/a><\/strong><\/p>\n\n\n\n<p><\/p>\n","protected":false},"excerpt":{"rendered":"<p>Objectifs&nbsp;:Permettre au stagiaire&nbsp;: M\u00e9thode et moyens p\u00e9dagogiques&nbsp;: Le stage comprend des apports th\u00e9oriques et de la manipulation pratique sur le mat\u00e9riel&nbsp;p\u00e9dagogique de Maria Montessori. Contenus&nbsp;: La p\u00e9dagogie de Maria Montessori&nbsp;: La p\u00e9dagogie repose sur l\u2019\u00e9ducation sensorielle de l\u2019enfant. Le mat\u00e9riel sensoriel est donn\u00e9 \u00e0 l\u2019enfant comme une aide au d\u00e9veloppement de l\u2019intelligence et de la [&hellip;]<\/p>\n","protected":false},"author":1,"featured_media":0,"parent":0,"menu_order":0,"comment_status":"closed","ping_status":"closed","template":"","meta":{"footnotes":""},"_links":{"self":[{"href":"https:\/\/vive-la-vie-montessori.fr\/index.php\/wp-json\/wp\/v2\/pages\/16"}],"collection":[{"href":"https:\/\/vive-la-vie-montessori.fr\/index.php\/wp-json\/wp\/v2\/pages"}],"about":[{"href":"https:\/\/vive-la-vie-montessori.fr\/index.php\/wp-json\/wp\/v2\/types\/page"}],"author":[{"embeddable":true,"href":"https:\/\/vive-la-vie-montessori.fr\/index.php\/wp-json\/wp\/v2\/users\/1"}],"replies":[{"embeddable":true,"href":"https:\/\/vive-la-vie-montessori.fr\/index.php\/wp-json\/wp\/v2\/comments?post=16"}],"version-history":[{"count":22,"href":"https:\/\/vive-la-vie-montessori.fr\/index.php\/wp-json\/wp\/v2\/pages\/16\/revisions"}],"predecessor-version":[{"id":154,"href":"https:\/\/vive-la-vie-montessori.fr\/index.php\/wp-json\/wp\/v2\/pages\/16\/revisions\/154"}],"wp:attachment":[{"href":"https:\/\/vive-la-vie-montessori.fr\/index.php\/wp-json\/wp\/v2\/media?parent=16"}],"curies":[{"name":"wp","href":"https:\/\/api.w.org\/{rel}","templated":true}]}}